{"id":7,"date":"2014-09-30T16:29:16","date_gmt":"2014-09-30T15:29:16","guid":{"rendered":"http:\/\/foi.gov.ie\/?page_id=7"},"modified":"2025-04-24T16:31:03","modified_gmt":"2025-04-24T15:31:03","slug":"about","status":"publish","type":"page","link":"https:\/\/foi.gov.ie\/ga\/guidance\/about\/","title":{"rendered":"Maidir Le SF"},"content":{"rendered":"<p><strong>C\u00e9ard \u00e9 Saor\u00e1il Faisn\u00e9ise?<\/strong><\/p>\n<p>Tugtar an ceart duit san Acht um Shaor\u00e1il Faisn\u00e9ise 2014 rochtain a fh\u00e1il ar thaifid a bh\u00edonn ag comhlachta\u00ed um SF. Is g\u00e1 do chomhlachta\u00ed um SF m\u00edni\u00fa a thabhairt mura dtabharfar duit an fhaisn\u00e9is a d\u2019iarr t\u00fa agus is g\u00e1 go hiond\u00fail go nd\u00e9anfa\u00ed an cinneadh laistigh de 4 sheachtain.<\/p>\n<p><strong>Cad is f\u00e9idir liom a iarradh?<\/strong><\/p>\n<p>F\u00e9adfaidh t\u00fa aon cheann d\u00edobh seo a leanas a iarradh.<\/p>\n<ul>\n<li>Aon taifead a bhaineann leat f\u00e9in go pearsanta, p\u00e9 uair a crutha\u00edodh iad<\/li>\n<li>Gach taifead eile a crutha\u00edodh tar \u00e9is an d\u00e1ta \u00e9ifeachtach<\/li>\n<\/ul>\n<p><strong>Cad is taifead ann?<\/strong><\/p>\n<p>\u00c1ir\u00edtear le taifead leabhar n\u00f3 \u00e1bhar scr\u00edofa n\u00f3 priont\u00e1ilte eile i bhfoirm ar bith lena n-\u00e1ir\u00edtear aon ghaireas leictreonach.\u00a0 L\u00e9arsc\u00e1il, plean n\u00f3 l\u00edn\u00edocht, diosca, t\u00e9ip n\u00f3 scann\u00e1n ina bhfuil \u00edomh\u00e1nna f\u00edse n\u00f3 neamhfh\u00edse n\u00f3 c\u00f3ip d\u2019aon cheann d\u00edobh seo.<strong>\u00a0<\/strong><\/p>\n<p><strong>An g\u00e1 \u00edoc as faisn\u00e9is a fh\u00e1il faoi SF?<\/strong><\/p>\n<p>Nuair a dh\u00e9antar iarratas ar fhaisn\u00e9is phearsanta n\u00edl aon t\u00e1ille mura mb\u00edonn l\u00edon m\u00f3r taifead i gceist.<\/p>\n<p>I gc\u00e1s iarratas a bhaineann le faisn\u00e9is neamhphearsanta, b\u00edonn t\u00e1ill\u00ed i gceist chun na taifid a aimsi\u00fa agus a ch\u00f3ipe\u00e1il. Is \u00e9 Alt 27(2) an t-alt \u00e1bhartha den Acht anseo agus baineann na t\u00e1ill\u00ed seo le:<\/p>\n<p>(a)\u00a0\u00a0\u00a0 Dearbh\u00fa an bhfuil an fhaisn\u00e9is a iarradh ag an gcomhlacht;<\/p>\n<p>(b)\u00a0\u00a0 An fhaisn\u00e9is n\u00f3 na c\u00e1ip\u00e9is\u00ed ina bhfuil an fhaisn\u00e9is a aimsi\u00fa<\/p>\n<p>(c)\u00a0\u00a0\u00a0 An fhaisn\u00e9is n\u00f3 na c\u00e1ip\u00e9is\u00ed sin a fh\u00e1il<\/p>\n<p>(d)\u00a0\u00a0 An fhaisn\u00e9is a bhaint \u00f3 na comhaid, c\u00e1ip\u00e9is\u00ed, foins\u00ed faisn\u00e9ise leictreonacha n\u00f3 eile ina bhfuil an fhaisn\u00e9is agus \u00e1bhar eile nach bhfuil \u00e1bhartha don iarratas, agus<\/p>\n<p>(e)\u00a0\u00a0 Sceideal a r\u00e9iteach ina sonra\u00edtear na taifid at\u00e1 le heisi\u00faint.<\/p>\n<p>I nd\u00e1il le t\u00e1ill\u00ed cuardaigh, f\u00e1la agus c\u00f3ipe\u00e1la t\u00e1 \u00edostairseach \u20ac101 nach f\u00e9idir aon t\u00e1ill\u00ed cuardaigh, f\u00e1la agus c\u00f3ipe\u00e1la n\u00edos l\u00fa n\u00e1 sin a ghearradh. Nuair a shroicheann an t\u00e1ille \u20ac101 beidh t\u00e1ill\u00ed ioml\u00e1na i bhfeidhm.\u00a0 T\u00e1 teorainn ar an m\u00e9id is f\u00e9idir a ghearradh agus t\u00e1 s\u00e9 seo socraithe ag \u20ac500.\u00a0 T\u00e1 uasteorainn eile ar th\u00e1ill\u00ed cuardaigh, f\u00e1la agus c\u00f3ipe\u00e1la measta socraithe ag \u20ac700 agus m\u00e1 bh\u00edonn an t\u00e1ille n\u00edos m\u00f3 n\u00e1 sin, f\u00e9adfaidh an comhlacht di\u00falt\u00fa d\u2019iarratas a phr\u00f3ise\u00e1il mura bhfuil an t-iarrth\u00f3ir s\u00e1sta an t-iarratas a bheacht\u00fa faoin teorainn sin.<\/p>\n<p>T\u00e1 t\u00e1ill\u00ed chomh maith a bhaineann le hathbhreithni\u00fa inmhe\u00e1nach faoi Alt 22, \u20ac30 agus \u20ac10 do shealbh\u00f3ir\u00ed ch\u00e1rta leighis agus a gcleithi\u00fanaithe. Is \u00e9 \u20ac50 agus \u20ac15 do shealbh\u00f3ir\u00ed ch\u00e1rta leighis agus a gcleithi\u00fanaithe an t\u00e1ille a bhaineann le hachomhairc chuig Oifig an Choimisin\u00e9ara Faisn\u00e9ise.<\/p>\n<p><strong>An f\u00e9idir liom achomharc a dh\u00e9anamh ar chinneadh?<\/strong><\/p>\n<p>Is f\u00e9idir. Mura mb\u00edonn t\u00fa s\u00e1sta leis an gcinneadh a dh\u00e9antar, f\u00e9adfaidh t\u00fa athbhreithni\u00fa inmhe\u00e1nach ar an gcinneadh a lorg ar athbhreithni\u00fa ioml\u00e1n agus nua ar d\u2019iarratas ag daoine n\u00edos sinseara\u00ed a bheidh i gceist. Ina dhiaidh seo, mura mb\u00edonn t\u00fa s\u00e1sta go f\u00f3ill, f\u00e9adfaidh t\u00fa achomharc a dh\u00e9anamh air seo chuig Oifig an Choimisin\u00e9ara Faisn\u00e9ise.<\/p>\n<p>&nbsp;<\/p>","protected":false},"excerpt":{"rendered":"<p>C\u00e9ard \u00e9 Saor\u00e1il Faisn\u00e9ise? Tugtar an ceart duit san Acht um Shaor\u00e1il Faisn\u00e9ise 2014 rochtain a fh\u00e1il ar thaifid a bh\u00edonn ag comhlachta\u00ed um SF. Is g\u00e1 do chomhlachta\u00ed um SF m\u00edni\u00fa a thabhairt mura dtabharfar duit an fhaisn\u00e9is a d\u2019iarr t\u00fa agus is g\u00e1 go hiond\u00fail go nd\u00e9anfa\u00ed an cinneadh laistigh de 4 sheachtain. &hellip; <a href=\"https:\/\/foi.gov.ie\/ga\/guidance\/about\/\" class=\"more-link\">Continue reading <span class=\"screen-reader-text\">Maidir Le SF<\/span> <span class=\"meta-nav\">&rarr;<\/span><\/a><\/p>\n","protected":false},"author":1973,"featured_media":0,"parent":9,"menu_order":92,"comment_status":"closed","ping_status":"closed","template":"","meta":[],"acf":[],"_links":{"self":[{"href":"https:\/\/foi.gov.ie\/ga\/wp-json\/wp\/v2\/pages\/7"}],"collection":[{"href":"https:\/\/foi.gov.ie\/ga\/wp-json\/wp\/v2\/pages"}],"about":[{"href":"https:\/\/foi.gov.ie\/ga\/wp-json\/wp\/v2\/types\/page"}],"author":[{"embeddable":true,"href":"https:\/\/foi.gov.ie\/ga\/wp-json\/wp\/v2\/users\/1973"}],"replies":[{"embeddable":true,"href":"https:\/\/foi.gov.ie\/ga\/wp-json\/wp\/v2\/comments?post=7"}],"version-history":[{"count":27,"href":"https:\/\/foi.gov.ie\/ga\/wp-json\/wp\/v2\/pages\/7\/revisions"}],"predecessor-version":[{"id":4909,"href":"https:\/\/foi.gov.ie\/ga\/wp-json\/wp\/v2\/pages\/7\/revisions\/4909"}],"up":[{"embeddable":true,"href":"https:\/\/foi.gov.ie\/ga\/wp-json\/wp\/v2\/pages\/9"}],"wp:attachment":[{"href":"https:\/\/foi.gov.ie\/ga\/wp-json\/wp\/v2\/media?parent=7"}],"curies":[{"name":"wp","href":"https:\/\/api.w.org\/{rel}","templated":true}]}}